{"id":4,"date":"2017-09-05T21:01:06","date_gmt":"2017-09-05T19:01:06","guid":{"rendered":"http:\/\/www.circuitsderando.com\/traverseejura\/?page_id=4"},"modified":"2022-11-05T18:54:28","modified_gmt":"2022-11-05T17:54:28","slug":"etape-1-villers-le-lac-le-chateleu","status":"publish","type":"page","link":"https:\/\/www.circuitsderando.com\/traverseejura\/etape-1-villers-le-lac-le-chateleu\/","title":{"rendered":"Etape 1 : Villers le Lac &#8211; Le Ch\u00e2teleu"},"content":{"rendered":"\n<p>D\u00e9part de Villers le Lac en longeant la fronti\u00e8re suisse<\/p>\n\n\n\n<p><strong>D\u00e9nivel\u00e9es : +507 m \/ -64 m Temps : 4h35<\/strong><\/p>\n\n\n\n<div class=\"wp-block-columns is-layout-flex wp-container-core-columns-is-layout-1 wp-block-columns-is-layout-flex\">\n<div class=\"wp-block-column is-layout-flow wp-block-column-is-layout-flow\">\n<figure class=\"wp-block-image size-full\"><a href=\"https:\/\/www.circuitsderando.com\/traverseejura\/wp-content\/uploads\/2017\/09\/2007-07-19_11-12-00-photo2007.jpg\" target=\"_blank\" rel=\"noopener\"><img loading=\"lazy\" decoding=\"async\" width=\"640\" height=\"480\" src=\"https:\/\/www.circuitsderando.com\/traverseejura\/wp-content\/uploads\/2017\/09\/2007-07-19_11-12-00-photo2007.jpg\" alt=\"\" class=\"wp-image-7\" srcset=\"https:\/\/www.circuitsderando.com\/traverseejura\/wp-content\/uploads\/2017\/09\/2007-07-19_11-12-00-photo2007.jpg 640w, https:\/\/www.circuitsderando.com\/traverseejura\/wp-content\/uploads\/2017\/09\/2007-07-19_11-12-00-photo2007-300x225.jpg 300w\" sizes=\"(max-width: 640px) 100vw, 640px\" \/><\/a><figcaption><strong>Villers le Lac (758m)<\/strong><\/figcaption><\/figure>\n<\/div>\n\n\n\n<div class=\"wp-block-column is-layout-flow wp-block-column-is-layout-flow\">\n<figure class=\"wp-block-image size-full\"><a href=\"https:\/\/www.circuitsderando.com\/traverseejura\/wp-content\/uploads\/2017\/09\/2007-07-19_11-35-52-photo2011.jpg\" target=\"_blank\" rel=\"noopener\"><img loading=\"lazy\" decoding=\"async\" width=\"640\" height=\"480\" src=\"https:\/\/www.circuitsderando.com\/traverseejura\/wp-content\/uploads\/2017\/09\/2007-07-19_11-35-52-photo2011.jpg\" alt=\"\" class=\"wp-image-6\" srcset=\"https:\/\/www.circuitsderando.com\/traverseejura\/wp-content\/uploads\/2017\/09\/2007-07-19_11-35-52-photo2011.jpg 640w, https:\/\/www.circuitsderando.com\/traverseejura\/wp-content\/uploads\/2017\/09\/2007-07-19_11-35-52-photo2011-300x225.jpg 300w\" sizes=\"(max-width: 640px) 100vw, 640px\" \/><\/a><figcaption><strong>Lac de Villers le Lac (750m)<\/strong><\/figcaption><\/figure>\n<\/div>\n\n\n\n<div class=\"wp-block-column is-layout-flow wp-block-column-is-layout-flow\">\n<figure class=\"wp-block-image size-full\"><a href=\"https:\/\/www.circuitsderando.com\/traverseejura\/wp-content\/uploads\/2017\/09\/2007-07-19_11-52-25-photo2019.jpg\" target=\"_blank\" rel=\"noopener\"><img loading=\"lazy\" decoding=\"async\" width=\"640\" height=\"480\" src=\"https:\/\/www.circuitsderando.com\/traverseejura\/wp-content\/uploads\/2017\/09\/2007-07-19_11-52-25-photo2019.jpg\" alt=\"\" class=\"wp-image-5\" srcset=\"https:\/\/www.circuitsderando.com\/traverseejura\/wp-content\/uploads\/2017\/09\/2007-07-19_11-52-25-photo2019.jpg 640w, https:\/\/www.circuitsderando.com\/traverseejura\/wp-content\/uploads\/2017\/09\/2007-07-19_11-52-25-photo2019-300x225.jpg 300w\" sizes=\"(max-width: 640px) 100vw, 640px\" \/><\/a><figcaption><strong>Les Bassots (776m)<\/strong><\/figcaption><\/figure>\n<\/div>\n<\/div>\n\n\n\n<div class=\"wp-block-columns is-layout-flex wp-container-core-columns-is-layout-2 wp-block-columns-is-layout-flex\">\n<div class=\"wp-block-column is-layout-flow wp-block-column-is-layout-flow\">\n<figure class=\"wp-block-image size-full\"><a href=\"https:\/\/www.circuitsderando.com\/traverseejura\/wp-content\/uploads\/2017\/09\/2007-07-19_12-23-37-photo2025.jpg\" target=\"_blank\" rel=\"noopener\"><img loading=\"lazy\" decoding=\"async\" width=\"640\" height=\"480\" src=\"https:\/\/www.circuitsderando.com\/traverseejura\/wp-content\/uploads\/2017\/09\/2007-07-19_12-23-37-photo2025.jpg\" alt=\"\" class=\"wp-image-15\" srcset=\"https:\/\/www.circuitsderando.com\/traverseejura\/wp-content\/uploads\/2017\/09\/2007-07-19_12-23-37-photo2025.jpg 640w, https:\/\/www.circuitsderando.com\/traverseejura\/wp-content\/uploads\/2017\/09\/2007-07-19_12-23-37-photo2025-300x225.jpg 300w\" sizes=\"(max-width: 640px) 100vw, 640px\" \/><\/a><figcaption><strong>Petit oratoire avant le Pr\u00e9lot (1003m)<\/strong><\/figcaption><\/figure>\n<\/div>\n\n\n\n<div class=\"wp-block-column is-layout-flow wp-block-column-is-layout-flow\">\n<figure class=\"wp-block-image size-full\"><a href=\"https:\/\/www.circuitsderando.com\/traverseejura\/wp-content\/uploads\/2017\/09\/2007-07-19_12-41-55-photo2028.jpg\" target=\"_blank\" rel=\"noopener\"><img loading=\"lazy\" decoding=\"async\" width=\"640\" height=\"480\" src=\"https:\/\/www.circuitsderando.com\/traverseejura\/wp-content\/uploads\/2017\/09\/2007-07-19_12-41-55-photo2028.jpg\" alt=\"\" class=\"wp-image-14\" srcset=\"https:\/\/www.circuitsderando.com\/traverseejura\/wp-content\/uploads\/2017\/09\/2007-07-19_12-41-55-photo2028.jpg 640w, https:\/\/www.circuitsderando.com\/traverseejura\/wp-content\/uploads\/2017\/09\/2007-07-19_12-41-55-photo2028-300x225.jpg 300w\" sizes=\"(max-width: 640px) 100vw, 640px\" \/><\/a><figcaption><strong>Le Pr\u00e9lot (1003m)<\/strong><\/figcaption><\/figure>\n<\/div>\n\n\n\n<div class=\"wp-block-column is-layout-flow wp-block-column-is-layout-flow\">\n<figure class=\"wp-block-image size-full\"><a href=\"https:\/\/www.circuitsderando.com\/traverseejura\/wp-content\/uploads\/2017\/09\/2007-07-19_13-15-11-photo2037.jpg\" target=\"_blank\" rel=\"noopener\"><img loading=\"lazy\" decoding=\"async\" width=\"640\" height=\"480\" src=\"https:\/\/www.circuitsderando.com\/traverseejura\/wp-content\/uploads\/2017\/09\/2007-07-19_13-15-11-photo2037.jpg\" alt=\"\" class=\"wp-image-13\" srcset=\"https:\/\/www.circuitsderando.com\/traverseejura\/wp-content\/uploads\/2017\/09\/2007-07-19_13-15-11-photo2037.jpg 640w, https:\/\/www.circuitsderando.com\/traverseejura\/wp-content\/uploads\/2017\/09\/2007-07-19_13-15-11-photo2037-300x225.jpg 300w\" sizes=\"(max-width: 640px) 100vw, 640px\" \/><\/a><figcaption><strong>Le Pr\u00e9lot (1003m)<\/strong><\/figcaption><\/figure>\n<\/div>\n<\/div>\n\n\n\n<div class=\"wp-block-columns is-layout-flex wp-container-core-columns-is-layout-3 wp-block-columns-is-layout-flex\">\n<div class=\"wp-block-column is-layout-flow wp-block-column-is-layout-flow\">\n<figure class=\"wp-block-image size-full\"><img loading=\"lazy\" decoding=\"async\" width=\"640\" height=\"480\" src=\"https:\/\/www.circuitsderando.com\/traverseejura\/wp-content\/uploads\/2017\/09\/2007-07-19_13-30-02-photo2043.jpg\" alt=\"\" class=\"wp-image-21\" srcset=\"https:\/\/www.circuitsderando.com\/traverseejura\/wp-content\/uploads\/2017\/09\/2007-07-19_13-30-02-photo2043.jpg 640w, https:\/\/www.circuitsderando.com\/traverseejura\/wp-content\/uploads\/2017\/09\/2007-07-19_13-30-02-photo2043-300x225.jpg 300w\" sizes=\"(max-width: 640px) 100vw, 640px\" \/><figcaption><strong>Le Chauffaud (1070m)<\/strong><\/figcaption><\/figure>\n<\/div>\n\n\n\n<div class=\"wp-block-column is-layout-flow wp-block-column-is-layout-flow\">\n<figure class=\"wp-block-image size-full\"><img loading=\"lazy\" decoding=\"async\" width=\"640\" height=\"480\" src=\"https:\/\/www.circuitsderando.com\/traverseejura\/wp-content\/uploads\/2017\/09\/2007-07-19_14-37-29-photo2050.jpg\" alt=\"\" class=\"wp-image-23\" srcset=\"https:\/\/www.circuitsderando.com\/traverseejura\/wp-content\/uploads\/2017\/09\/2007-07-19_14-37-29-photo2050.jpg 640w, https:\/\/www.circuitsderando.com\/traverseejura\/wp-content\/uploads\/2017\/09\/2007-07-19_14-37-29-photo2050-300x225.jpg 300w\" sizes=\"(max-width: 640px) 100vw, 640px\" \/><figcaption><strong>Voie Bournez (1157m)<\/strong><\/figcaption><\/figure>\n<\/div>\n\n\n\n<div class=\"wp-block-column is-layout-flow wp-block-column-is-layout-flow\">\n<figure class=\"wp-block-image size-full\"><img loading=\"lazy\" decoding=\"async\" width=\"640\" height=\"480\" src=\"https:\/\/www.circuitsderando.com\/traverseejura\/wp-content\/uploads\/2017\/09\/2007-07-20_08-28-04-photo2061.jpg\" alt=\"\" class=\"wp-image-34\" srcset=\"https:\/\/www.circuitsderando.com\/traverseejura\/wp-content\/uploads\/2017\/09\/2007-07-20_08-28-04-photo2061.jpg 640w, https:\/\/www.circuitsderando.com\/traverseejura\/wp-content\/uploads\/2017\/09\/2007-07-20_08-28-04-photo2061-300x225.jpg 300w\" sizes=\"(max-width: 640px) 100vw, 640px\" \/><figcaption><strong>Le Ch\u00e2teleu (1201m)<\/strong><\/figcaption><\/figure>\n<\/div>\n<\/div>\n\n\n\n<p><\/p>\n\n\n\n<p class=\"has-text-align-right\"><a href=\"https:\/\/www.circuitsderando.com\/traverseejura\/etape-2-le-chateleu-pontarlier\/\">Etape 2 &#8211; Le Ch\u00e2teleu &#8211; Pontarlier \u00a0>>><\/a><\/p>\n","protected":false},"excerpt":{"rendered":"<p>D\u00e9part de Villers le Lac en longeant la fronti\u00e8re suisse D\u00e9nivel\u00e9es : +507 m \/ -64 m Temps : 4h35 Etape 2 &#8211; Le Ch\u00e2teleu &#8211; Pontarlier \u00a0>>><\/p>\n","protected":false},"author":1,"featured_media":0,"parent":0,"menu_order":0,"comment_status":"closed","ping_status":"closed","template":"templates\/full-width-page.php","meta":{"_monsterinsights_skip_tracking":false,"_monsterinsights_sitenote_active":false,"_monsterinsights_sitenote_note":"","_monsterinsights_sitenote_category":0,"footnotes":""},"class_list":["post-4","page","type-page","status-publish","hentry"],"yoast_head":"<!-- This site is optimized with the Yoast SEO plugin v23.5 - https:\/\/yoast.com\/wordpress\/plugins\/seo\/ -->\n<title>Etape 1 : Villers le Lac - Le Ch\u00e2teleu - Travers\u00e9e du Jura<\/title>\n<meta name=\"robots\" content=\"index, follow, max-snippet:-1, max-image-preview:large, max-video-preview:-1\" \/>\n<link rel=\"canonical\" href=\"https:\/\/www.circuitsderando.com\/traverseejura\/etape-1-villers-le-lac-le-chateleu\/\" \/>\n<meta property=\"og:locale\" content=\"fr_FR\" \/>\n<meta property=\"og:type\" content=\"article\" \/>\n<meta property=\"og:title\" content=\"Etape 1 : Villers le Lac - Le Ch\u00e2teleu - Travers\u00e9e du Jura\" \/>\n<meta property=\"og:description\" content=\"D\u00e9part de Villers le Lac en longeant la fronti\u00e8re suisse D\u00e9nivel\u00e9es : +507 m \/ -64 m Temps : 4h35 Etape 2 &#8211; Le Ch\u00e2teleu &#8211; Pontarlier \u00a0&gt;&gt;&gt;\" \/>\n<meta property=\"og:url\" content=\"https:\/\/www.circuitsderando.com\/traverseejura\/etape-1-villers-le-lac-le-chateleu\/\" \/>\n<meta property=\"og:site_name\" content=\"Travers\u00e9e du Jura\" \/>\n<meta property=\"article:modified_time\" content=\"2022-11-05T17:54:28+00:00\" \/>\n<meta property=\"og:image\" content=\"https:\/\/www.circuitsderando.com\/traverseejura\/wp-content\/uploads\/2017\/09\/2007-07-19_11-12-00-photo2007.jpg\" \/>\n<meta name=\"twitter:card\" content=\"summary_large_image\" \/>\n<meta name=\"twitter:label1\" content=\"Dur\u00e9e de lecture estim\u00e9e\" \/>\n\t<meta name=\"twitter:data1\" content=\"3 minutes\" \/>\n<script type=\"application\/ld+json\" class=\"yoast-schema-graph\">{\"@context\":\"https:\/\/schema.org\",\"@graph\":[{\"@type\":\"WebPage\",\"@id\":\"https:\/\/www.circuitsderando.com\/traverseejura\/etape-1-villers-le-lac-le-chateleu\/\",\"url\":\"https:\/\/www.circuitsderando.com\/traverseejura\/etape-1-villers-le-lac-le-chateleu\/\",\"name\":\"Etape 1 : Villers le Lac - Le Ch\u00e2teleu - Travers\u00e9e du Jura\",\"isPartOf\":{\"@id\":\"https:\/\/www.circuitsderando.com\/traverseejura\/#website\"},\"primaryImageOfPage\":{\"@id\":\"https:\/\/www.circuitsderando.com\/traverseejura\/etape-1-villers-le-lac-le-chateleu\/#primaryimage\"},\"image\":{\"@id\":\"https:\/\/www.circuitsderando.com\/traverseejura\/etape-1-villers-le-lac-le-chateleu\/#primaryimage\"},\"thumbnailUrl\":\"https:\/\/www.circuitsderando.com\/traverseejura\/wp-content\/uploads\/2017\/09\/2007-07-19_11-12-00-photo2007.jpg\",\"datePublished\":\"2017-09-05T19:01:06+00:00\",\"dateModified\":\"2022-11-05T17:54:28+00:00\",\"breadcrumb\":{\"@id\":\"https:\/\/www.circuitsderando.com\/traverseejura\/etape-1-villers-le-lac-le-chateleu\/#breadcrumb\"},\"inLanguage\":\"fr-FR\",\"potentialAction\":[{\"@type\":\"ReadAction\",\"target\":[\"https:\/\/www.circuitsderando.com\/traverseejura\/etape-1-villers-le-lac-le-chateleu\/\"]}]},{\"@type\":\"ImageObject\",\"inLanguage\":\"fr-FR\",\"@id\":\"https:\/\/www.circuitsderando.com\/traverseejura\/etape-1-villers-le-lac-le-chateleu\/#primaryimage\",\"url\":\"https:\/\/www.circuitsderando.com\/traverseejura\/wp-content\/uploads\/2017\/09\/2007-07-19_11-12-00-photo2007.jpg\",\"contentUrl\":\"https:\/\/www.circuitsderando.com\/traverseejura\/wp-content\/uploads\/2017\/09\/2007-07-19_11-12-00-photo2007.jpg\",\"width\":640,\"height\":480},{\"@type\":\"BreadcrumbList\",\"@id\":\"https:\/\/www.circuitsderando.com\/traverseejura\/etape-1-villers-le-lac-le-chateleu\/#breadcrumb\",\"itemListElement\":[{\"@type\":\"ListItem\",\"position\":1,\"name\":\"Travers\u00e9e du Jura\",\"item\":\"https:\/\/www.circuitsderando.com\/traverseejura\/\"},{\"@type\":\"ListItem\",\"position\":2,\"name\":\"Etape 1 : Villers le Lac &#8211; Le Ch\u00e2teleu\"}]},{\"@type\":\"WebSite\",\"@id\":\"https:\/\/www.circuitsderando.com\/traverseejura\/#website\",\"url\":\"https:\/\/www.circuitsderando.com\/traverseejura\/\",\"name\":\"Travers\u00e9e du Jura\",\"description\":\"De Villers le Lac \u00e0 Pr\u00e9manon\",\"potentialAction\":[{\"@type\":\"SearchAction\",\"target\":{\"@type\":\"EntryPoint\",\"urlTemplate\":\"https:\/\/www.circuitsderando.com\/traverseejura\/?s={search_term_string}\"},\"query-input\":{\"@type\":\"PropertyValueSpecification\",\"valueRequired\":true,\"valueName\":\"search_term_string\"}}],\"inLanguage\":\"fr-FR\"}]}<\/script>\n<!-- \/ Yoast SEO plugin. -->","yoast_head_json":{"title":"Etape 1 : Villers le Lac - Le Ch\u00e2teleu - Travers\u00e9e du Jura","robots":{"index":"index","follow":"follow","max-snippet":"max-snippet:-1","max-image-preview":"max-image-preview:large","max-video-preview":"max-video-preview:-1"},"canonical":"https:\/\/www.circuitsderando.com\/traverseejura\/etape-1-villers-le-lac-le-chateleu\/","og_locale":"fr_FR","og_type":"article","og_title":"Etape 1 : Villers le Lac - Le Ch\u00e2teleu - Travers\u00e9e du Jura","og_description":"D\u00e9part de Villers le Lac en longeant la fronti\u00e8re suisse D\u00e9nivel\u00e9es : +507 m \/ -64 m Temps : 4h35 Etape 2 &#8211; Le Ch\u00e2teleu &#8211; Pontarlier \u00a0>>>","og_url":"https:\/\/www.circuitsderando.com\/traverseejura\/etape-1-villers-le-lac-le-chateleu\/","og_site_name":"Travers\u00e9e du Jura","article_modified_time":"2022-11-05T17:54:28+00:00","og_image":[{"url":"https:\/\/www.circuitsderando.com\/traverseejura\/wp-content\/uploads\/2017\/09\/2007-07-19_11-12-00-photo2007.jpg"}],"twitter_card":"summary_large_image","twitter_misc":{"Dur\u00e9e de lecture estim\u00e9e":"3 minutes"},"schema":{"@context":"https:\/\/schema.org","@graph":[{"@type":"WebPage","@id":"https:\/\/www.circuitsderando.com\/traverseejura\/etape-1-villers-le-lac-le-chateleu\/","url":"https:\/\/www.circuitsderando.com\/traverseejura\/etape-1-villers-le-lac-le-chateleu\/","name":"Etape 1 : Villers le Lac - Le Ch\u00e2teleu - Travers\u00e9e du Jura","isPartOf":{"@id":"https:\/\/www.circuitsderando.com\/traverseejura\/#website"},"primaryImageOfPage":{"@id":"https:\/\/www.circuitsderando.com\/traverseejura\/etape-1-villers-le-lac-le-chateleu\/#primaryimage"},"image":{"@id":"https:\/\/www.circuitsderando.com\/traverseejura\/etape-1-villers-le-lac-le-chateleu\/#primaryimage"},"thumbnailUrl":"https:\/\/www.circuitsderando.com\/traverseejura\/wp-content\/uploads\/2017\/09\/2007-07-19_11-12-00-photo2007.jpg","datePublished":"2017-09-05T19:01:06+00:00","dateModified":"2022-11-05T17:54:28+00:00","breadcrumb":{"@id":"https:\/\/www.circuitsderando.com\/traverseejura\/etape-1-villers-le-lac-le-chateleu\/#breadcrumb"},"inLanguage":"fr-FR","potentialAction":[{"@type":"ReadAction","target":["https:\/\/www.circuitsderando.com\/traverseejura\/etape-1-villers-le-lac-le-chateleu\/"]}]},{"@type":"ImageObject","inLanguage":"fr-FR","@id":"https:\/\/www.circuitsderando.com\/traverseejura\/etape-1-villers-le-lac-le-chateleu\/#primaryimage","url":"https:\/\/www.circuitsderando.com\/traverseejura\/wp-content\/uploads\/2017\/09\/2007-07-19_11-12-00-photo2007.jpg","contentUrl":"https:\/\/www.circuitsderando.com\/traverseejura\/wp-content\/uploads\/2017\/09\/2007-07-19_11-12-00-photo2007.jpg","width":640,"height":480},{"@type":"BreadcrumbList","@id":"https:\/\/www.circuitsderando.com\/traverseejura\/etape-1-villers-le-lac-le-chateleu\/#breadcrumb","itemListElement":[{"@type":"ListItem","position":1,"name":"Travers\u00e9e du Jura","item":"https:\/\/www.circuitsderando.com\/traverseejura\/"},{"@type":"ListItem","position":2,"name":"Etape 1 : Villers le Lac &#8211; Le Ch\u00e2teleu"}]},{"@type":"WebSite","@id":"https:\/\/www.circuitsderando.com\/traverseejura\/#website","url":"https:\/\/www.circuitsderando.com\/traverseejura\/","name":"Travers\u00e9e du Jura","description":"De Villers le Lac \u00e0 Pr\u00e9manon","potentialAction":[{"@type":"SearchAction","target":{"@type":"EntryPoint","urlTemplate":"https:\/\/www.circuitsderando.com\/traverseejura\/?s={search_term_string}"},"query-input":{"@type":"PropertyValueSpecification","valueRequired":true,"valueName":"search_term_string"}}],"inLanguage":"fr-FR"}]}},"_links":{"self":[{"href":"https:\/\/www.circuitsderando.com\/traverseejura\/wp-json\/wp\/v2\/pages\/4"}],"collection":[{"href":"https:\/\/www.circuitsderando.com\/traverseejura\/wp-json\/wp\/v2\/pages"}],"about":[{"href":"https:\/\/www.circuitsderando.com\/traverseejura\/wp-json\/wp\/v2\/types\/page"}],"author":[{"embeddable":true,"href":"https:\/\/www.circuitsderando.com\/traverseejura\/wp-json\/wp\/v2\/users\/1"}],"replies":[{"embeddable":true,"href":"https:\/\/www.circuitsderando.com\/traverseejura\/wp-json\/wp\/v2\/comments?post=4"}],"version-history":[{"count":24,"href":"https:\/\/www.circuitsderando.com\/traverseejura\/wp-json\/wp\/v2\/pages\/4\/revisions"}],"predecessor-version":[{"id":279,"href":"https:\/\/www.circuitsderando.com\/traverseejura\/wp-json\/wp\/v2\/pages\/4\/revisions\/279"}],"wp:attachment":[{"href":"https:\/\/www.circuitsderando.com\/traverseejura\/wp-json\/wp\/v2\/media?parent=4"}],"curies":[{"name":"wp","href":"https:\/\/api.w.org\/{rel}","templated":true}]}}